{"version":"1.0","provider_name":"Tal\u00e1lgat\u00e1sok","provider_url":"https:\/\/talalgatasok.cafeblog.hu","author_name":"er","author_url":"https:\/\/talalgatasok.cafeblog.hu\/author\/er\/","title":"B\u00facs\u00fa \u00e9s tal\u00e1lkoz\u00e1s","html":"2014.11.20., reggel\r\n\r\nFurcsa \u00e9rz\u00e9sem van m\u00e1r napok \u00f3ta. Tal\u00e1n t\u00fcnetek. Felsorakoztatom \u0151ket:\r\n\r\n1. Megv\u00e1ltozott az \u00edr\u00e1sk\u00e9pem - id\u0151r\u0151l id\u0151re meg szokott v\u00e1ltozni az \u00edr\u00e1sk\u00e9pem, ezt m\u00e1r hosszabb ideje figyelem, \u00e9s bizony felt\u0171nt, hogy amikor elk\u00f6lt\u00f6ztem otthonr\u00f3l, amikor megv\u00e1ltozott a munkahelyemen a beoszt\u00e1som, amikor nagy boldogs\u00e1g vagy t\u00f6rt\u00e9netesen szomor\u00fas\u00e1g \u00e9rt, kicsit m\u00e1sk\u00e9nt kezdtem el \u00edrni. A legut\u00f3bb olyan m\u00e1sf\u00e9l hete volt, hogy elmosolyodtam, mert v\u00e9gre nem \u00edrtam olyan b\u0171nrond\u00e1n, mint el\u0151tte. \u00c1t is suhant az agyamon egy gondolat, de gyorsan elhessegettem. Ah!\r\n\r\n2. Olaszorsz\u00e1g - \u00e9melyg\u00e9s \u00e9s gyomorsav kezdete - pontosabban, m\u00e1r el\u0151tte elkezd\u0151d\u00f6tt. De azzal magyar\u00e1ztam, hogy t\u00fal sokat vagy \u00e9ppen t\u00fal keveset ettem; az utaz\u00e1s miatt \u00e9rzem magam egy kicsit f\u00e1radtnak.\r\n\r\n3. \u00c1lomk\u00f3r - n\u00e1lunk F\u00e9rjjel alap, hogy alszunk, sokat \u00e9s m\u00e9lyen. Ez csak egy pici plusz.\r\n\r\n4. Egy\u00e9b testi t\u00fcnetek - ezt a k\u00fcl\u00f6n kateg\u00f3ri\u00e1t nem boncolgatn\u00e1m; maradjunk annyiban, hogy szerepel benne a duzzadt mellem, \u00e9s a gyomromba bef\u00e9szkelte mag\u00e1t egy furcsa \u00e9rz\u00e9s.\r\n\r\n5. Mindezeket tapasztaltam, megjegyeztem, de el is engedtem. Mert m\u00e1r egy ideje nem a <em>kinemmondott<\/em> k\u00f6r\u00fcl forog minden gondolatom, \u00e9s semmik\u00e9ppen sem szeretn\u00e9m b\u00e1rmibe is belelovalni magam. Azt\u00e1n szembe j\u00f6tt velem a sors - egy nagyon kedves h\u00f6lgy szem\u00e9ly\u00e9ben, aki megk\u00e9rdezte, hogy: Csak nem...? Meg\u00e9rz\u00e9s...\r\n\r\n<span style=\"text-decoration: underline\">Konkl\u00fazi\u00f3:<\/span> Ha nem is most toppan be hozz\u00e1nk, akkor is m\u00e1r itt van a k\u00fcsz\u00f6b\u00f6n. M\u00e1r csak az ajt\u00f3t kell kinyitnia.\r\n\r\n[caption id=\"attachment_200\" align=\"aligncenter\" width=\"300\"]<a href=\"https:\/\/talalgatasok.cafeblog.hu\/files\/2014\/11\/remeny1.jpg\"><img class=\"wp-image-200 size-medium\" src=\"https:\/\/talalgatasok.cafeblog.hu\/files\/2014\/11\/remeny1-300x178.jpg\" alt=\"\" width=\"300\" height=\"178\" \/><\/a> <a href=\"http:\/\/www.hotdog.hu\/blog\/Kalliszta_blogja\/elet-remeny\">Forr\u00e1s<\/a>[\/caption]\r\n\r\n2014.11.20., d\u00e9lut\u00e1n\r\n\r\nSzomor\u00fas\u00e1g, gyal\u00e1zat.\r\n\r\n&nbsp;\r\n\r\n2014.11.21., reggel\r\n\r\nN\u00e9ha elengedj\u00fck azok kez\u00e9t is, akiket szeret\u00fcnk. Mert \u00fagy hozza az \u00e9let, a k\u00f6r\u00fclm\u00e9nyek. Tegnap lehet, hogy valaki elengedte az \u00e9n kezemet, de valaki m\u00e1s meg \u00fajra megfogta - ez m\u00e1r biztos.\r\n\r\n&nbsp;\r\n\r\n&nbsp;\r\n\r\nHa tetszett a bejegyz\u00e9s, csatlakozz a <a href=\"https:\/\/www.facebook.com\/talalgatasok?fref=ts\">facebook-oldalamhoz<\/a>.","type":"rich","thumbnail_url":"https:\/\/talalgatasok.cafeblog.hu\/files\/2014\/11\/remeny1-150x150.jpg","thumbnail_width":150,"thumbnail_height":150}